{"id":602,"date":"2019-07-22T13:54:03","date_gmt":"2019-07-22T11:54:03","guid":{"rendered":"https:\/\/buergerplattform-chemnitz-mitte.de\/?page_id=602"},"modified":"2019-07-22T13:54:03","modified_gmt":"2019-07-22T11:54:03","slug":"umgestaltung-der-gruenflaeche-vor-dem-asb-wohnzentrum-rembrandtstrasse","status":"publish","type":"page","link":"https:\/\/buergerplattform-chemnitz-mitte.de\/?page_id=602","title":{"rendered":"Umgestaltung der Gr\u00fcnfl\u00e4che vor dem ASB-Wohnzentrum Rembrandtstra\u00dfe"},"content":{"rendered":"\n<p>Antragsteller ist das ASB-Wohnzentrum. Hier leben 32 Menschen mit unterschiedlichsten, angeborenen, wie erworbenen Behinderungen. Diese Menschen haben im Wohnzentrum aufgrund ihres Hilfebedarfs ein neues zu Hause gefunden. Sie gestalten ihr Leben weitestgehend selbstbestimmt und sind in ihrer Freizeit an vielseitig aktiv.<\/p>\n\n\n\n<p>Anliegen seit Jahren ist es, die Gr\u00fcnfl\u00e4che vor dem Wohnzentrum umzugestalten, um mehr M\u00f6glichkeiten auf den Rasenfl\u00e4chen f\u00fcr die j\u00e4hrlichen Aktivit\u00e4ten mit den benachbarten Einrichtungen (Kiss und Regenbogenkindergarten) zu erschlie\u00dfen. <\/p>\n\n\n\n<p>F\u00f6rderung durch die B\u00fcrgerplattform Chemnitz-Mitte in H\u00f6he von 1.000,00 Euro.  <\/p>\n","protected":false},"excerpt":{"rendered":"<p>Antragsteller ist das ASB-Wohnzentrum. Hier leben 32 Menschen mit unterschiedlichsten, angeborenen, wie erworbenen Behinderungen. Diese Menschen haben im Wohnzentrum aufgrund ihres Hilfebedarfs ein neues zu Hause gefunden. Sie gestalten ihr Leben weitestgehend selbstbestimmt und sind in ihrer Freizeit an vielseitig<\/p>\n","protected":false},"author":1,"featured_media":0,"parent":0,"menu_order":0,"comment_status":"closed","ping_status":"closed","template":"","meta":{"footnotes":""},"class_list":["post-602","page","type-page","status-publish","hentry"],"_links":{"self":[{"href":"https:\/\/buergerplattform-chemnitz-mitte.de\/index.php?rest_route=\/wp\/v2\/pages\/602","targetHints":{"allow":["GET"]}}],"collection":[{"href":"https:\/\/buergerplattform-chemnitz-mitte.de\/index.php?rest_route=\/wp\/v2\/pages"}],"about":[{"href":"https:\/\/buergerplattform-chemnitz-mitte.de\/index.php?rest_route=\/wp\/v2\/types\/page"}],"author":[{"embeddable":true,"href":"https:\/\/buergerplattform-chemnitz-mitte.de\/index.php?rest_route=\/wp\/v2\/users\/1"}],"replies":[{"embeddable":true,"href":"https:\/\/buergerplattform-chemnitz-mitte.de\/index.php?rest_route=%2Fwp%2Fv2%2Fcomments&post=602"}],"version-history":[{"count":1,"href":"https:\/\/buergerplattform-chemnitz-mitte.de\/index.php?rest_route=\/wp\/v2\/pages\/602\/revisions"}],"predecessor-version":[{"id":604,"href":"https:\/\/buergerplattform-chemnitz-mitte.de\/index.php?rest_route=\/wp\/v2\/pages\/602\/revisions\/604"}],"wp:attachment":[{"href":"https:\/\/buergerplattform-chemnitz-mitte.de\/index.php?rest_route=%2Fwp%2Fv2%2Fmedia&parent=602"}],"curies":[{"name":"wp","href":"https:\/\/api.w.org\/{rel}","templated":true}]}}