{"id":618,"date":"2019-07-22T14:21:21","date_gmt":"2019-07-22T12:21:21","guid":{"rendered":"https:\/\/buergerplattform-chemnitz-mitte.de\/?page_id=618"},"modified":"2019-07-22T14:21:21","modified_gmt":"2019-07-22T12:21:21","slug":"poesiepark","status":"publish","type":"page","link":"https:\/\/buergerplattform-chemnitz-mitte.de\/?page_id=618","title":{"rendered":"PoesiePark"},"content":{"rendered":"\n<p>Der K\u00fcnstler Hannes Hein realisiert in diesem Sommer das Projekt &#8222;PoesiePark&#8220; im Park der Opfer des Faschismus. K\u00fcnstler*innen, Sch\u00fcler*innen und Menschen mit Behinderung werden zusammenarbeiten. So entstehen gro\u00dfe Plakate mit Arbeiten zu einzelnen Gedichten Erich K\u00e4stners, die den Park der Opfer des Faschismus versch\u00f6nern und auf ein sensibles Miteinander hinweisen. <\/p>\n\n\n\n<p>F\u00f6rderung durch die B\u00fcrgerplattform Chemnitz-Mitte in H\u00f6he von 874,50 Euro.  <\/p>\n","protected":false},"excerpt":{"rendered":"<p>Der K\u00fcnstler Hannes Hein realisiert in diesem Sommer das Projekt &#8222;PoesiePark&#8220; im Park der Opfer des Faschismus. K\u00fcnstler*innen, Sch\u00fcler*innen und Menschen mit Behinderung werden zusammenarbeiten. So entstehen gro\u00dfe Plakate mit Arbeiten zu einzelnen Gedichten Erich K\u00e4stners, die den Park der<\/p>\n","protected":false},"author":1,"featured_media":0,"parent":0,"menu_order":0,"comment_status":"closed","ping_status":"closed","template":"","meta":{"footnotes":""},"class_list":["post-618","page","type-page","status-publish","hentry"],"_links":{"self":[{"href":"https:\/\/buergerplattform-chemnitz-mitte.de\/index.php?rest_route=\/wp\/v2\/pages\/618","targetHints":{"allow":["GET"]}}],"collection":[{"href":"https:\/\/buergerplattform-chemnitz-mitte.de\/index.php?rest_route=\/wp\/v2\/pages"}],"about":[{"href":"https:\/\/buergerplattform-chemnitz-mitte.de\/index.php?rest_route=\/wp\/v2\/types\/page"}],"author":[{"embeddable":true,"href":"https:\/\/buergerplattform-chemnitz-mitte.de\/index.php?rest_route=\/wp\/v2\/users\/1"}],"replies":[{"embeddable":true,"href":"https:\/\/buergerplattform-chemnitz-mitte.de\/index.php?rest_route=%2Fwp%2Fv2%2Fcomments&post=618"}],"version-history":[{"count":1,"href":"https:\/\/buergerplattform-chemnitz-mitte.de\/index.php?rest_route=\/wp\/v2\/pages\/618\/revisions"}],"predecessor-version":[{"id":620,"href":"https:\/\/buergerplattform-chemnitz-mitte.de\/index.php?rest_route=\/wp\/v2\/pages\/618\/revisions\/620"}],"wp:attachment":[{"href":"https:\/\/buergerplattform-chemnitz-mitte.de\/index.php?rest_route=%2Fwp%2Fv2%2Fmedia&parent=618"}],"curies":[{"name":"wp","href":"https:\/\/api.w.org\/{rel}","templated":true}]}}